{"id":15386,"date":"2022-05-30T17:16:32","date_gmt":"2022-05-30T15:16:32","guid":{"rendered":"https:\/\/www.canginibenne.com\/privacy-dealer\/"},"modified":"2024-06-20T16:05:03","modified_gmt":"2024-06-20T14:05:03","slug":"privacy-dealer","status":"publish","type":"page","link":"https:\/\/www.canginibenne.com\/fr\/privacy-dealer\/","title":{"rendered":"Privacy Dealer"},"content":{"rendered":"\t\t<div data-elementor-type=\"wp-page\" data-elementor-id=\"15386\" class=\"elementor elementor-15386 elementor-15377\" data-elementor-post-type=\"page\">\n\t\t\t\t\t\t<section class=\"elementor-section elementor-top-section elementor-element elementor-element-e2de334 elementor-section-stretched elementor-section-boxed elementor-section-height-default elementor-section-height-default\" data-id=\"e2de334\" data-element_type=\"section\" data-e-type=\"section\" data-settings=\"{&quot;stretch_section&quot;:&quot;section-stretched&quot;}\">\n\t\t\t\t\t\t<div class=\"elementor-container elementor-column-gap-default\">\n\t\t\t\t\t<div class=\"elementor-column elementor-col-100 elementor-top-column elementor-element elementor-element-14e430f\" data-id=\"14e430f\" data-element_type=\"column\" data-e-type=\"column\">\n\t\t\t<div class=\"elementor-widget-wrap elementor-element-populated\">\n\t\t\t\t\t\t<div class=\"elementor-element elementor-element-495de37 elementor-widget elementor-widget-text-editor\" data-id=\"495de37\" data-element_type=\"widget\" data-e-type=\"widget\" data-widget_type=\"text-editor.default\">\n\t\t\t\t<div class=\"elementor-widget-container\">\n\t\t\t\t\t\t\t\t\t<p class=\"p1\"><b>FORMULAIRE \u00ab DEVENIR DISTRIBUTEUR \u00bb\u00a0<\/b><\/p><p class=\"p3\">Cher Utilisateur,<span class=\"Apple-converted-space\">\u00a0<\/span><\/p><p class=\"p3\">L\u2019article 13, paragraphe 1, du R\u00e8glement europ\u00e9en sur la protection des donn\u00e9es (RGPD) impose l\u2019obligation d\u2019informer la personne concern\u00e9e, en cas de collecte directe de ses donn\u00e9es, sur les \u00e9l\u00e9ments fondamentaux du traitement, en les pr\u00e9cisant au paragraphe 1, points a\/f. Par cons\u00e9quent, nous vous informons que :<\/p><p class=\"p5\"><b>RESPONSABLE DU TRAITEMENT DES DONN\u00c9ES<\/b><\/p><p class=\"p3\">Le responsable du traitement est la soci\u00e9t\u00e9 <b>CANGINI BENNE S.R.L., <\/b>situ\u00e9e \u00e0 Sarsina, Via Savio 29\/31 <span class=\"Apple-converted-space\">\u00a0 \u00a0 \u00a0 \u00a0 \u00a0 \u00a0 \u00a0 \u00a0 \u00a0 \u00a0 \u00a0 \u00a0 \u00a0 \u00a0 \u00a0 \u00a0 \u00a0 \u00a0 \u00a0 \u00a0 \u00a0 \u00a0 \u00a0<\/span><\/p><p class=\"p6\"><span class=\"s1\"><b>PEC <\/b>:<\/span> <a href=\"mailto:info@pec.canginibenne.com\"><span class=\"s2\">info@pec.canginibenne.com<\/span><\/a><span class=\"s3\"><span class=\"Apple-converted-space\">\u00a0 <\/span><b>e-mail<\/b><\/span><span class=\"s1\"> : <a href=\"mailto:privacy@canginibenne.com\"><span class=\"s4\">privacy@canginibenne.com<\/span><\/a><\/span><span class=\"s3\"><span class=\"Apple-converted-space\">\u00a0 <\/span><\/span><span class=\"s1\"><b>T\u00e9l. <\/b>: 0547698020<span class=\"Apple-converted-space\">\u00a0<\/span><b> Fax <\/b>: 054794363<\/span><\/p><p class=\"p5\"><b>FINALIT\u00c9S<\/b><\/p><p class=\"p8\">Les donn\u00e9es sont collect\u00e9es dans une base de donn\u00e9es exclusivement dans le but d\u2019examiner votre demande de devenir un distributeur de Cangini Benne s.r.l. ; des enqu\u00eates statistiques peuvent \u00eatre r\u00e9alis\u00e9es sur les donn\u00e9es que vous fournissez. La base juridique repose sur une exigence contractuelle ou pr\u00e9contractuelle en vertu de l\u2019article 6, paragraphe 1, point b du RGPD. Les cat\u00e9gories de donn\u00e9es trait\u00e9es sont les donn\u00e9es \u00e0 caract\u00e8re personnel recueillies directement aupr\u00e8s de la personne concern\u00e9e.<span class=\"Apple-converted-space\">\u00a0<\/span><\/p><p class=\"p5\"><b>MODALIT\u00c9S DU TRAITEMENT<\/b><\/p><p class=\"p3\">Dans le cadre des finalit\u00e9s susmentionn\u00e9es, le traitement des donn\u00e9es \u00e0 caract\u00e8re personnel se fait au moyen d\u2019outils papier et informatiques, avec des logiques strictement li\u00e9es aux finalit\u00e9s \u00e9nonc\u00e9es ci-dessus, et en tout \u00e9tat de cause de mani\u00e8re \u00e0 garantir la s\u00e9curit\u00e9 et la confidentialit\u00e9 des donn\u00e9es ainsi que le respect de la loi.<span class=\"Apple-converted-space\">\u00a0<\/span><\/p><p class=\"p5\"><b>COMMUNICATION<\/b><\/p><p class=\"p3\">Les destinataires ou les cat\u00e9gories possibles de destinataires sont : les travailleurs ind\u00e9pendants travaillant dans notre entreprise d\u00e9sign\u00e9s comme Sous-traitants externes du traitement des donn\u00e9es. Les donn\u00e9es ne seront pas diffus\u00e9es. Au sein de notre entreprise, seuls les employ\u00e9s et les collaborateurs charg\u00e9s du traitement des donn\u00e9es pourront avoir acc\u00e8s aux donn\u00e9es. Les donn\u00e9es pourront \u00eatre transf\u00e9r\u00e9es en dehors de l\u2019UE ou \u00e0 une organisation internationale conform\u00e9ment aux dispositions l\u00e9gales applicables, sous r\u00e9serve de la stipulation des clauses contractuelles types pr\u00e9vues par la Commission europ\u00e9enne et d\u2019une \u00e9ventuelle communication aux personnes concern\u00e9es.<\/p><p class=\"p10\"><b>DUR\u00c9E DE CONSERVATION<\/b><\/p><p class=\"p11\">La dur\u00e9e de conservation des donn\u00e9es \u00e0 caract\u00e8re personnel contenues dans les bases de donn\u00e9es relatives aux Distributeurs potentiels est limit\u00e9e \u00e0 la r\u00e9alisation de la finalit\u00e9 susmentionn\u00e9e et \u00e0 une p\u00e9riode n\u2019exc\u00e9dant pas 24 mois \u00e0 compter de la communication des donn\u00e9es \u00e0 caract\u00e8re personnel. Les donn\u00e9es communiqu\u00e9es pourront faire l\u2019objet d\u2019un traitement ult\u00e9rieur si une relation de travail est \u00e9tablie avec la personne concern\u00e9e, comme pr\u00e9cis\u00e9 dans la politique de confidentialit\u00e9 de Cangini Benne s.r.l.<\/p><p class=\"p14\"><b>DROITS DE LA PERSONNE CONCERN\u00c9E<\/b><\/p><p class=\"p11\">Nous vous informons que vous avez le droit d\u2019obtenir l\u2019<b>acc\u00e8s<\/b> \u00e0 vos donn\u00e9es \u00e0 caract\u00e8re personnel, leur <b>rectification<\/b> ou leur effacement, ou une <b>limitation du traitement<\/b> des donn\u00e9es vous concernant, et de <b>vous opposer<\/b> \u00e0 leur traitement et \u00e0 la portabilit\u00e9 des donn\u00e9es. Vous avez le droit de d\u00e9poser une plainte aupr\u00e8s d\u2019une autorit\u00e9 de contr\u00f4le.<span class=\"Apple-converted-space\">\u00a0<\/span><\/p><p class=\"p14\"><b>CONS\u00c9QUENCES D\u2019UN REFUS DE FOURNIR LES DONN\u00c9ES<\/b><\/p><p class=\"p16\">La communication de vos donn\u00e9es est une condition n\u00e9cessaire pour donner suite \u00e0 votre demande ainsi que, le cas \u00e9ch\u00e9ant, dans le cadre des d\u00e9marches pr\u00e9paratoires \u00e0 l\u2019\u00e9tablissement de la relation de travail. Par cons\u00e9quent, tout refus de votre part de communiquer vos donn\u00e9es entra\u00eenera l\u2019impossibilit\u00e9 de traitement et votre profil ne pourra pas \u00eatre \u00e9valu\u00e9 aux fins d\u2019une future collaboration.<span class=\"Apple-converted-space\">\u00a0<\/span><\/p>\t\t\t\t\t\t\t\t<\/div>\n\t\t\t\t<\/div>\n\t\t\t\t\t<\/div>\n\t\t<\/div>\n\t\t\t\t\t<\/div>\n\t\t<\/section>\n\t\t\t\t<\/div>\n\t\t","protected":false},"excerpt":{"rendered":"<p>FORMULAIRE \u00ab DEVENIR DISTRIBUTEUR \u00bb&nbsp; Cher Utilisateur,&nbsp; L\u2019article 13, paragraphe 1, du R\u00e8glement europ\u00e9en sur la protection des donn\u00e9es (RGPD) impose l\u2019obligation d\u2019informer la personne concern\u00e9e, en cas de collecte directe de ses donn\u00e9es, sur les \u00e9l\u00e9ments fondamentaux du traitement, en les pr\u00e9cisant au paragraphe 1, points a\/f. Par cons\u00e9quent, nous vous informons que : [&hellip;]<\/p>\n","protected":false},"author":1,"featured_media":0,"parent":0,"menu_order":0,"comment_status":"closed","ping_status":"closed","template":"","meta":{"_acf_changed":false,"footnotes":""},"class_list":["post-15386","page","type-page","status-publish","hentry"],"acf":[],"_links":{"self":[{"href":"https:\/\/www.canginibenne.com\/fr\/wp-json\/wp\/v2\/pages\/15386","targetHints":{"allow":["GET"]}}],"collection":[{"href":"https:\/\/www.canginibenne.com\/fr\/wp-json\/wp\/v2\/pages"}],"about":[{"href":"https:\/\/www.canginibenne.com\/fr\/wp-json\/wp\/v2\/types\/page"}],"author":[{"embeddable":true,"href":"https:\/\/www.canginibenne.com\/fr\/wp-json\/wp\/v2\/users\/1"}],"replies":[{"embeddable":true,"href":"https:\/\/www.canginibenne.com\/fr\/wp-json\/wp\/v2\/comments?post=15386"}],"version-history":[{"count":0,"href":"https:\/\/www.canginibenne.com\/fr\/wp-json\/wp\/v2\/pages\/15386\/revisions"}],"wp:attachment":[{"href":"https:\/\/www.canginibenne.com\/fr\/wp-json\/wp\/v2\/media?parent=15386"}],"curies":[{"name":"wp","href":"https:\/\/api.w.org\/{rel}","templated":true}]}}