{"id":15333,"date":"2022-05-30T16:50:47","date_gmt":"2022-05-30T14:50:47","guid":{"rendered":"https:\/\/www.canginibenne.com\/privacy-formulaire-de-contact\/"},"modified":"2024-06-20T16:05:35","modified_gmt":"2024-06-20T14:05:35","slug":"privacy-formulaire-de-contact","status":"publish","type":"page","link":"https:\/\/www.canginibenne.com\/fr\/privacy-formulaire-de-contact\/","title":{"rendered":"Privacy Formulaire de Contact"},"content":{"rendered":"\t\t<div data-elementor-type=\"wp-page\" data-elementor-id=\"15333\" class=\"elementor elementor-15333 elementor-15317\" data-elementor-post-type=\"page\">\n\t\t\t\t\t\t<section class=\"elementor-section elementor-top-section elementor-element elementor-element-124ee4a elementor-section-stretched elementor-section-boxed elementor-section-height-default elementor-section-height-default\" data-id=\"124ee4a\" data-element_type=\"section\" data-e-type=\"section\" data-settings=\"{&quot;stretch_section&quot;:&quot;section-stretched&quot;}\">\n\t\t\t\t\t\t<div class=\"elementor-container elementor-column-gap-default\">\n\t\t\t\t\t<div class=\"elementor-column elementor-col-100 elementor-top-column elementor-element elementor-element-42498e5\" data-id=\"42498e5\" data-element_type=\"column\" data-e-type=\"column\">\n\t\t\t<div class=\"elementor-widget-wrap elementor-element-populated\">\n\t\t\t\t\t\t<div class=\"elementor-element elementor-element-3cd7b4d elementor-widget elementor-widget-text-editor\" data-id=\"3cd7b4d\" data-element_type=\"widget\" data-e-type=\"widget\" data-widget_type=\"text-editor.default\">\n\t\t\t\t<div class=\"elementor-widget-container\">\n\t\t\t\t\t\t\t\t\t<p class=\"p1\"><b>FORMULAIRE DE CONTACT<\/b><\/p><p class=\"p3\">Cher Utilisateur,<span class=\"Apple-converted-space\">\u00a0<\/span><\/p><p class=\"p3\">L\u2019article 13, paragraphe 1, du R\u00e8glement europ\u00e9en sur la protection des donn\u00e9es (RGPD) impose l\u2019obligation d\u2019informer la personne concern\u00e9e, en cas de collecte directe de ses donn\u00e9es, sur les \u00e9l\u00e9ments fondamentaux du traitement, en les pr\u00e9cisant au paragraphe 1, points a\/f. Par cons\u00e9quent, nous vous informons que :<\/p><p class=\"p1\"><b>RESPONSABLE DU TRAITEMENT DES DONN\u00c9ES<\/b><\/p><p class=\"p5\">Le responsable du traitement est la soci\u00e9t\u00e9 <b>CANGINI BENNE S.R.L., <\/b>situ\u00e9e \u00e0 Sarsina, Via Savio 29\/31<span class=\"Apple-converted-space\">\u00a0<\/span><\/p><p class=\"p5\">PEC : <a href=\"mailto:info@pec.canginibenne.com\">info@pec.canginibenne.com<\/a><span class=\"Apple-converted-space\">\u00a0 <\/span>e-mail : <a href=\"mailto:privacy@canginibenne.com\">privacy@canginibenne.com<\/a><span class=\"Apple-converted-space\">\u00a0 <\/span>T\u00e9l. : 0547698020<span class=\"Apple-converted-space\">\u00a0 <\/span>Fax : 054794363<\/p><p class=\"p7\"><b>CAT\u00c9GORIES DE DONN\u00c9ES<\/b><\/p><p class=\"p8\">Vos donn\u00e9es \u00e0 caract\u00e8re personnel, telles que, sans s\u2019y limiter, votre nom, votre pr\u00e9nom, votre adresse e-mail, votre num\u00e9ro de t\u00e9l\u00e9phone portable, la soci\u00e9t\u00e9 pour laquelle vous travaillez, peuvent faire l\u2019objet d\u2019un traitement.<\/p><p class=\"p7\"><b>SOURCE DES DONN\u00c9ES PERSONNELLES<\/b><\/p><p class=\"p8\">Les donn\u00e9es \u00e0 caract\u00e8re personnel d\u00e9tenues par le Responsable du traitement sont collect\u00e9es directement aupr\u00e8s de la personne concern\u00e9e.<\/p><p class=\"p7\"><b>MODALIT\u00c9S DE TRAITEMENT DES DONN\u00c9ES<\/b><\/p><p class=\"p8\">Les donn\u00e9es \u00e0 caract\u00e8re personnel que vous fournissez seront trait\u00e9es dans le respect du r\u00e8glement susmentionn\u00e9 et des obligations de confidentialit\u00e9 qui r\u00e9gissent les activit\u00e9s du Responsable du traitement. Les donn\u00e9es seront trait\u00e9es sur supports informatiques, papier ou tout autre support appropri\u00e9, dans le respect des mesures de s\u00e9curit\u00e9 conform\u00e9ment au RGPD.<\/p><p class=\"p7\"><b>FINALIT\u00c9S DU TRAITEMENT DES DONN\u00c9ES ET BASE JURIDIQUE<\/b><\/p><p class=\"p9\">Le traitement de vos donn\u00e9es, collect\u00e9es et stock\u00e9es lorsque vous remplissez ce formulaire, a pour base juridique l\u2019ex\u00e9cution d\u2019une obligation l\u00e9gale et est effectu\u00e9 dans le cadre d\u2019une demande d\u2019informations.<\/p><p class=\"p7\"><b>DESTINATAIRES DES DONN\u00c9ES<\/b><\/p><p class=\"p10\">Dans les limites pertinentes aux finalit\u00e9s du traitement indiqu\u00e9es, vos donn\u00e9es pourront \u00eatre communiqu\u00e9es \u00e0 des personnes d\u00e9sign\u00e9es par le Responsable du traitement (contacter le Responsable du traitement pour obtenir la liste des destinataires des donn\u00e9es). Vos donn\u00e9es \u00e0 caract\u00e8re personnel pourront \u00eatre communiqu\u00e9es par les Sous-traitants (comme, par exemple, les agents locaux) aux distributeurs des produits Cangini Benne s.r.l. afin de donner suite \u00e0 votre demande.<span class=\"Apple-converted-space\">\u00a0 <\/span>Les donn\u00e9es \u00e0 caract\u00e8re personnel collect\u00e9es sont \u00e9galement trait\u00e9es par le personnel de <b>CANGINI BENNE<\/b> <b>S.R.L.<\/b>, qui agit sur la base d\u2019instructions sp\u00e9cifiques concernant le traitement des donn\u00e9es pour des t\u00e2ches et des fonctions particuli\u00e8res imposant des obligations de confidentialit\u00e9 sp\u00e9cifiques. Vos donn\u00e9es ne seront en aucun cas diffus\u00e9es.<span class=\"Apple-converted-space\">\u00a0<\/span><\/p><p class=\"p7\"><b>TRANSFERT DES DONN\u00c9ES VERS DES PAYS TIERS<\/b><\/p><p class=\"p8\">Actuellement, il n\u2019est pas pr\u00e9vu de transf\u00e9rer vos donn\u00e9es vers un pays tiers. Si un transfert devait avoir lieu, il serait effectu\u00e9 conform\u00e9ment aux dispositions l\u00e9gales applicables, sous r\u00e9serve de la stipulation des clauses contractuelles types pr\u00e9vues par la Commission europ\u00e9enne et d\u2019une \u00e9ventuelle communication aux personnes concern\u00e9es.<span class=\"Apple-converted-space\">\u00a0<\/span><\/p><p class=\"p7\"><b>DUR\u00c9E DE CONSERVATION<\/b><\/p><p class=\"p8\">Les donn\u00e9es collect\u00e9es seront conserv\u00e9es pendant une p\u00e9riode n\u2019exc\u00e9dant pas l\u2019accomplissement de la finalit\u00e9 pour laquelle elles sont trait\u00e9es (\u00ab\u00a0principe de limitation de la conservation\u00a0\u00bb, article 5 RGPD) ou conform\u00e9ment aux d\u00e9lais pr\u00e9vus par la loi. La v\u00e9rification de l\u2019obsolescence des donn\u00e9es stock\u00e9es au regard des finalit\u00e9s pour lesquelles elles ont \u00e9t\u00e9 collect\u00e9es est effectu\u00e9e p\u00e9riodiquement.<\/p><p class=\"p7\"><b>DROITS DE LA PERSONNE CONCERN\u00c9E<\/b><\/p><p class=\"p8\">La personne concern\u00e9e a le droit de demander \u00e0 tout moment au Responsable du traitement l\u2019<b>acc\u00e8s<\/b> \u00e0 ses donn\u00e9es, leur <b>rectification<\/b> ou leur <b>effacement<\/b>, la <b>limitation <\/b>du traitement, ou de <b>s\u2019opposer <\/b>au traitement, de demander la <b>portabilit\u00e9 <\/b>des donn\u00e9es sur simple communication au Responsable du traitement. La personne concern\u00e9e peut \u00e9galement d\u00e9poser une plainte aupr\u00e8s d\u2019une autorit\u00e9 de contr\u00f4le.<\/p><p class=\"p7\"><b>CARACT\u00c8RE OBLIGATOIRE OU NON DE LA COMMUNICATION DES DONN\u00c9ES<\/b><\/p><p class=\"p8\">Vos donn\u00e9es sont n\u00e9cessaires pour nous permettre de fournir le service demand\u00e9 ; tout refus de votre part entra\u00eenera l\u2019impossibilit\u00e9 de fournir le service demand\u00e9.<\/p>\t\t\t\t\t\t\t\t<\/div>\n\t\t\t\t<\/div>\n\t\t\t\t\t<\/div>\n\t\t<\/div>\n\t\t\t\t\t<\/div>\n\t\t<\/section>\n\t\t\t\t<\/div>\n\t\t","protected":false},"excerpt":{"rendered":"<p>FORMULAIRE DE CONTACT Cher Utilisateur,&nbsp; L\u2019article 13, paragraphe 1, du R\u00e8glement europ\u00e9en sur la protection des donn\u00e9es (RGPD) impose l\u2019obligation d\u2019informer la personne concern\u00e9e, en cas de collecte directe de ses donn\u00e9es, sur les \u00e9l\u00e9ments fondamentaux du traitement, en les pr\u00e9cisant au paragraphe 1, points a\/f. Par cons\u00e9quent, nous vous informons que : RESPONSABLE DU [&hellip;]<\/p>\n","protected":false},"author":1,"featured_media":0,"parent":0,"menu_order":0,"comment_status":"closed","ping_status":"closed","template":"","meta":{"_acf_changed":false,"footnotes":""},"class_list":["post-15333","page","type-page","status-publish","hentry"],"acf":[],"_links":{"self":[{"href":"https:\/\/www.canginibenne.com\/fr\/wp-json\/wp\/v2\/pages\/15333","targetHints":{"allow":["GET"]}}],"collection":[{"href":"https:\/\/www.canginibenne.com\/fr\/wp-json\/wp\/v2\/pages"}],"about":[{"href":"https:\/\/www.canginibenne.com\/fr\/wp-json\/wp\/v2\/types\/page"}],"author":[{"embeddable":true,"href":"https:\/\/www.canginibenne.com\/fr\/wp-json\/wp\/v2\/users\/1"}],"replies":[{"embeddable":true,"href":"https:\/\/www.canginibenne.com\/fr\/wp-json\/wp\/v2\/comments?post=15333"}],"version-history":[{"count":0,"href":"https:\/\/www.canginibenne.com\/fr\/wp-json\/wp\/v2\/pages\/15333\/revisions"}],"wp:attachment":[{"href":"https:\/\/www.canginibenne.com\/fr\/wp-json\/wp\/v2\/media?parent=15333"}],"curies":[{"name":"wp","href":"https:\/\/api.w.org\/{rel}","templated":true}]}}